{"id":57345,"date":"2018-12-20T15:16:37","date_gmt":"2018-12-20T14:16:37","guid":{"rendered":"https:\/\/www.emartsoccer.es\/emartsoccer-news\/"},"modified":"2025-07-08T11:15:24","modified_gmt":"2025-07-08T09:15:24","slug":"emartsoccer-news","status":"publish","type":"page","link":"https:\/\/www.emartsoccer.es\/en\/emartsoccer-news\/","title":{"rendered":"EmartSoccer News"},"content":{"rendered":"\t\t<div data-elementor-type=\"wp-page\" data-elementor-id=\"57345\" class=\"elementor elementor-57345 elementor-4019\" data-elementor-post-type=\"page\">\n\t\t\t\t<div class=\"elementor-element elementor-element-32a0a18 e-con-full e-flex e-con e-parent\" data-id=\"32a0a18\" data-element_type=\"container\">\n\t\t<div class=\"elementor-element elementor-element-e42e2d2 e-con-full e-flex e-con e-child\" data-id=\"e42e2d2\" data-element_type=\"container\">\n\t\t\t\t<div class=\"elementor-element elementor-element-e49ef26 elementor-widget elementor-widget-heading\" data-id=\"e49ef26\" data-element_type=\"widget\" data-widget_type=\"heading.default\">\n\t\t\t\t<div class=\"elementor-widget-container\">\n\t\t\t\t\t<h1 class=\"elementor-heading-title elementor-size-default\">NEWS<\/h1>\t\t\t\t<\/div>\n\t\t\t\t<\/div>\n\t\t\t\t<div class=\"elementor-element elementor-element-220a704 elementor-widget elementor-widget-heading\" data-id=\"220a704\" data-element_type=\"widget\" data-widget_type=\"heading.default\">\n\t\t\t\t<div class=\"elementor-widget-container\">\n\t\t\t\t\t<h2 class=\"elementor-heading-title elementor-size-default\">EMART&amp;SOCCER NEWS<\/h2>\t\t\t\t<\/div>\n\t\t\t\t<\/div>\n\t\t\t\t<\/div>\n\t\t\t\t<\/div>\n\t\t<div class=\"elementor-element elementor-element-2b338b7 e-con-full e-flex e-con e-parent\" data-id=\"2b338b7\" data-element_type=\"container\" data-settings=\"{&quot;background_background&quot;:&quot;classic&quot;,&quot;animation&quot;:&quot;none&quot;}\">\n\t\t\t\t<div class=\"elementor-element elementor-element-4a03f80 elementor-invisible elementor-widget elementor-widget-image\" data-id=\"4a03f80\" data-element_type=\"widget\" data-settings=\"{&quot;_animation&quot;:&quot;fadeInLeft&quot;}\" data-widget_type=\"image.default\">\n\t\t\t\t<div class=\"elementor-widget-container\">\n\t\t\t\t\t\t\t\t\t\t\t\t\t\t\t<img decoding=\"async\" width=\"61\" height=\"60\" src=\"https:\/\/www.emartsoccer.es\/wp-content\/uploads\/2023\/11\/emartsoccer_logo_ciruclar_negro.png\" class=\"attachment-large size-large wp-image-56734\" alt=\"\" \/>\t\t\t\t\t\t\t\t\t\t\t\t\t\t\t<\/div>\n\t\t\t\t<\/div>\n\t\t\t\t<div class=\"elementor-element elementor-element-73877e2 elementor-invisible elementor-widget elementor-widget-heading\" data-id=\"73877e2\" data-element_type=\"widget\" data-settings=\"{&quot;_animation&quot;:&quot;fadeInLeft&quot;,&quot;_animation_delay&quot;:200}\" data-widget_type=\"heading.default\">\n\t\t\t\t<div class=\"elementor-widget-container\">\n\t\t\t\t\t<h2 class=\"elementor-heading-title elementor-size-default\">MALE NEWS<\/h2>\t\t\t\t<\/div>\n\t\t\t\t<\/div>\n\t\t\t\t<\/div>\n\t\t<div class=\"elementor-element elementor-element-f7a0499 e-con-full e-flex e-con e-parent\" data-id=\"f7a0499\" data-element_type=\"container\">\n\t\t<div class=\"elementor-element elementor-element-60207ac e-con-full e-flex e-con e-child\" data-id=\"60207ac\" data-element_type=\"container\">\n\t\t\t\t<div class=\"elementor-element elementor-element-6dff81f elementor-grid-3 elementor-grid-tablet-2 elementor-grid-mobile-1 elementor-posts--thumbnail-top elementor-widget elementor-widget-posts\" data-id=\"6dff81f\" data-element_type=\"widget\" data-settings=\"{&quot;pagination_type&quot;:&quot;numbers_and_prev_next&quot;,&quot;classic_columns&quot;:&quot;3&quot;,&quot;classic_columns_tablet&quot;:&quot;2&quot;,&quot;classic_columns_mobile&quot;:&quot;1&quot;,&quot;classic_row_gap&quot;:{&quot;unit&quot;:&quot;px&quot;,&quot;size&quot;:35,&quot;sizes&quot;:[]},&quot;classic_row_gap_tablet&quot;:{&quot;unit&quot;:&quot;px&quot;,&quot;size&quot;:&quot;&quot;,&quot;sizes&quot;:[]},&quot;classic_row_gap_mobile&quot;:{&quot;unit&quot;:&quot;px&quot;,&quot;size&quot;:&quot;&quot;,&quot;sizes&quot;:[]}}\" data-widget_type=\"posts.classic\">\n\t\t\t\t<div class=\"elementor-widget-container\">\n\t\t\t\t\t\t\t<div class=\"elementor-posts-container elementor-posts elementor-posts--skin-classic elementor-grid\" role=\"list\">\n\t\t\t\t<article class=\"elementor-post elementor-grid-item post-66081 post type-post status-publish format-standard has-post-thumbnail hentry category-noticia-masculino tag-marc-llinares tag-ms-fisio\" role=\"listitem\">\n\t\t\t\t<a class=\"elementor-post__thumbnail__link\" href=\"https:\/\/www.emartsoccer.es\/en\/marc-llinares-se-trata-una-lesion-muscular-con-ms-fisio-para-acelerar-su-regreso-a-los-terrenos-de-juego\/\" tabindex=\"-1\" >\n\t\t\t<div class=\"elementor-post__thumbnail\"><img fetchpriority=\"high\" decoding=\"async\" width=\"768\" height=\"432\" src=\"https:\/\/www.emartsoccer.es\/wp-content\/uploads\/2026\/04\/Marc_Llinares_MS_Fisio-768x432.jpg\" class=\"attachment-medium_large size-medium_large wp-image-66082\" alt=\"Marc Llinares ha confiado en MS Fisio para tratarse una lesi\u00f3n muscular\" \/><\/div>\n\t\t<\/a>\n\t\t\t\t<div class=\"elementor-post__text\">\n\t\t\t\t<h3 class=\"elementor-post__title\">\n\t\t\t<a href=\"https:\/\/www.emartsoccer.es\/en\/marc-llinares-se-trata-una-lesion-muscular-con-ms-fisio-para-acelerar-su-regreso-a-los-terrenos-de-juego\/\" >\n\t\t\t\tMarc Llinares se trata una lesi\u00f3n muscular con MS Fisio para acelerar su regreso a los terrenos de juego\t\t\t<\/a>\n\t\t<\/h3>\n\t\t\t\t<div class=\"elementor-post__meta-data\">\n\t\t\t\t\t<span class=\"elementor-post-date\">\n\t\t\t21-04-2026\t\t<\/span>\n\t\t\t\t<\/div>\n\t\t\t\t<\/div>\n\t\t\t\t<\/article>\n\t\t\t\t<article class=\"elementor-post elementor-grid-item post-66067 post type-post status-publish format-standard has-post-thumbnail hentry category-noticia-masculino tag-tano-bonnin\" role=\"listitem\">\n\t\t\t\t<a class=\"elementor-post__thumbnail__link\" href=\"https:\/\/www.emartsoccer.es\/en\/exito-de-tano-bonnin-con-el-barletta-al-ascender-a-la-serie-c-italiana\/\" tabindex=\"-1\" >\n\t\t\t<div class=\"elementor-post__thumbnail\"><img decoding=\"async\" width=\"768\" height=\"432\" src=\"https:\/\/www.emartsoccer.es\/wp-content\/uploads\/2026\/04\/Tano_Bonnin_Barletta-768x432.jpg\" class=\"attachment-medium_large size-medium_large wp-image-66068\" alt=\"Tano Bonn\u00edn logra el ascenso a la Serie C con el Barletta\" \/><\/div>\n\t\t<\/a>\n\t\t\t\t<div class=\"elementor-post__text\">\n\t\t\t\t<h3 class=\"elementor-post__title\">\n\t\t\t<a href=\"https:\/\/www.emartsoccer.es\/en\/exito-de-tano-bonnin-con-el-barletta-al-ascender-a-la-serie-c-italiana\/\" >\n\t\t\t\t\u00c9xito de Tano Bonn\u00edn con el Barletta al ascender a la Serie C italiana\t\t\t<\/a>\n\t\t<\/h3>\n\t\t\t\t<div class=\"elementor-post__meta-data\">\n\t\t\t\t\t<span class=\"elementor-post-date\">\n\t\t\t19-04-2026\t\t<\/span>\n\t\t\t\t<\/div>\n\t\t\t\t<\/div>\n\t\t\t\t<\/article>\n\t\t\t\t<article class=\"elementor-post elementor-grid-item post-66063 post type-post status-publish format-standard has-post-thumbnail hentry category-noticia-masculino tag-alexis-garcia\" role=\"listitem\">\n\t\t\t\t<a class=\"elementor-post__thumbnail__link\" href=\"https:\/\/www.emartsoccer.es\/en\/la-ue-sant-andreu-asciende-a-primera-rfef-con-alexis-garcia-como-uno-de-los-grandes-protagonistas\/\" tabindex=\"-1\" >\n\t\t\t<div class=\"elementor-post__thumbnail\"><img loading=\"lazy\" decoding=\"async\" width=\"768\" height=\"432\" src=\"https:\/\/www.emartsoccer.es\/wp-content\/uploads\/2026\/04\/alexis_garcia_sant_andreu-768x432.jpg\" class=\"attachment-medium_large size-medium_large wp-image-66064\" alt=\"Alexis Garc\u00eda logra el ascenso a Primera RFEF con la UE Sant Andreu\" \/><\/div>\n\t\t<\/a>\n\t\t\t\t<div class=\"elementor-post__text\">\n\t\t\t\t<h3 class=\"elementor-post__title\">\n\t\t\t<a href=\"https:\/\/www.emartsoccer.es\/en\/la-ue-sant-andreu-asciende-a-primera-rfef-con-alexis-garcia-como-uno-de-los-grandes-protagonistas\/\" >\n\t\t\t\tLa UE Sant Andreu asciende a Primera RFEF con Alexis Garc\u00eda como uno de los grandes protagonistas\t\t\t<\/a>\n\t\t<\/h3>\n\t\t\t\t<div class=\"elementor-post__meta-data\">\n\t\t\t\t\t<span class=\"elementor-post-date\">\n\t\t\t19-04-2026\t\t<\/span>\n\t\t\t\t<\/div>\n\t\t\t\t<\/div>\n\t\t\t\t<\/article>\n\t\t\t\t<article class=\"elementor-post elementor-grid-item post-66041 post type-post status-publish format-standard has-post-thumbnail hentry category-noticia-masculino tag-emartsoccer\" role=\"listitem\">\n\t\t\t\t<a class=\"elementor-post__thumbnail__link\" href=\"https:\/\/www.emartsoccer.es\/en\/emartsoccer-cierra-unas-semana-de-visitas-en-polonia\/\" tabindex=\"-1\" >\n\t\t\t<div class=\"elementor-post__thumbnail\"><img loading=\"lazy\" decoding=\"async\" width=\"768\" height=\"432\" src=\"https:\/\/www.emartsoccer.es\/wp-content\/uploads\/2026\/04\/Polonia_Emart_Soccer-768x432.jpg\" class=\"attachment-medium_large size-medium_large wp-image-66042\" alt=\"Polonia recibi\u00f3 con los brazos abiertos, una vez m\u00e1s, a Emart&amp;Soccer\" \/><\/div>\n\t\t<\/a>\n\t\t\t\t<div class=\"elementor-post__text\">\n\t\t\t\t<h3 class=\"elementor-post__title\">\n\t\t\t<a href=\"https:\/\/www.emartsoccer.es\/en\/emartsoccer-cierra-unas-semana-de-visitas-en-polonia\/\" >\n\t\t\t\tEmart&#038;Soccer cierra unas semana de visitas en Polonia\t\t\t<\/a>\n\t\t<\/h3>\n\t\t\t\t<div class=\"elementor-post__meta-data\">\n\t\t\t\t\t<span class=\"elementor-post-date\">\n\t\t\t16-04-2026\t\t<\/span>\n\t\t\t\t<\/div>\n\t\t\t\t<\/div>\n\t\t\t\t<\/article>\n\t\t\t\t<article class=\"elementor-post elementor-grid-item post-65998 post type-post status-publish format-standard has-post-thumbnail hentry category-noticia-masculino tag-toni-villa\" role=\"listitem\">\n\t\t\t\t<a class=\"elementor-post__thumbnail__link\" href=\"https:\/\/www.emartsoccer.es\/en\/toni-villa-estoy-con-ganas-de-demostrar-que-mi-falta-de-continuidad-es-circunstancial-y-de-crear-un-camino-con-emart-soccer-que-sea-feliz-para-todos\/\" tabindex=\"-1\" >\n\t\t\t<div class=\"elementor-post__thumbnail\"><img loading=\"lazy\" decoding=\"async\" width=\"768\" height=\"497\" src=\"https:\/\/www.emartsoccer.es\/wp-content\/uploads\/2026\/03\/TVilla-768x497.jpg\" class=\"attachment-medium_large size-medium_large wp-image-65884\" alt=\"\" \/><\/div>\n\t\t<\/a>\n\t\t\t\t<div class=\"elementor-post__text\">\n\t\t\t\t<h3 class=\"elementor-post__title\">\n\t\t\t<a href=\"https:\/\/www.emartsoccer.es\/en\/toni-villa-estoy-con-ganas-de-demostrar-que-mi-falta-de-continuidad-es-circunstancial-y-de-crear-un-camino-con-emart-soccer-que-sea-feliz-para-todos\/\" >\n\t\t\t\tToni Villa: &#8220;Estoy con ganas de demostrar que mi falta de continuidad es circunstancial y de crear un camino con con Emart&#038;Soccer que sea feliz para todos&#8221;\t\t\t<\/a>\n\t\t<\/h3>\n\t\t\t\t<div class=\"elementor-post__meta-data\">\n\t\t\t\t\t<span class=\"elementor-post-date\">\n\t\t\t15-04-2026\t\t<\/span>\n\t\t\t\t<\/div>\n\t\t\t\t<\/div>\n\t\t\t\t<\/article>\n\t\t\t\t<article class=\"elementor-post elementor-grid-item post-66001 post type-post status-publish format-standard has-post-thumbnail hentry category-noticia-masculino tag-hector-areosa\" role=\"listitem\">\n\t\t\t\t<a class=\"elementor-post__thumbnail__link\" href=\"https:\/\/www.emartsoccer.es\/en\/hector-areosa-asciende-a-primera-rfef-con-el-rc-depor-fabril\/\" tabindex=\"-1\" >\n\t\t\t<div class=\"elementor-post__thumbnail\"><img loading=\"lazy\" decoding=\"async\" width=\"768\" height=\"432\" src=\"https:\/\/www.emartsoccer.es\/wp-content\/uploads\/2026\/04\/Hector_Areosa_ascenso-768x432.jpg\" class=\"attachment-medium_large size-medium_large wp-image-66002\" alt=\"H\u00e9ctor Areosa, ascenso con el RC D\u00e9por Fabril\" \/><\/div>\n\t\t<\/a>\n\t\t\t\t<div class=\"elementor-post__text\">\n\t\t\t\t<h3 class=\"elementor-post__title\">\n\t\t\t<a href=\"https:\/\/www.emartsoccer.es\/en\/hector-areosa-asciende-a-primera-rfef-con-el-rc-depor-fabril\/\" >\n\t\t\t\tH\u00e9ctor Areosa asciende a Primera RFEF con el RC D\u00e9por Fabril\t\t\t<\/a>\n\t\t<\/h3>\n\t\t\t\t<div class=\"elementor-post__meta-data\">\n\t\t\t\t\t<span class=\"elementor-post-date\">\n\t\t\t12-04-2026\t\t<\/span>\n\t\t\t\t<\/div>\n\t\t\t\t<\/div>\n\t\t\t\t<\/article>\n\t\t\t\t<\/div>\n\t\t\n\t\t\t\t<div class=\"e-load-more-anchor\" data-page=\"1\" data-max-page=\"35\" data-next-page=\"https:\/\/www.emartsoccer.es\/en\/wp-json\/wp\/v2\/pages\/57345\/page\/2\/\"><\/div>\n\t\t\t\t<nav class=\"elementor-pagination\" aria-label=\"Pagination\">\n\t\t\t<span class=\"page-numbers prev\">\u00ab Previous<\/span>\n<span aria-current=\"page\" class=\"page-numbers current\"><span class=\"elementor-screen-only\">Page<\/span>1<\/span>\n<a class=\"page-numbers\" href=\"https:\/\/www.emartsoccer.es\/en\/wp-json\/wp\/v2\/pages\/57345\/page\/2\/\"><span class=\"elementor-screen-only\">Page<\/span>2<\/a>\n<a class=\"page-numbers\" href=\"https:\/\/www.emartsoccer.es\/en\/wp-json\/wp\/v2\/pages\/57345\/page\/3\/\"><span class=\"elementor-screen-only\">Page<\/span>3<\/a>\n<span class=\"page-numbers dots\">&hellip;<\/span>\n<a class=\"page-numbers\" href=\"https:\/\/www.emartsoccer.es\/en\/wp-json\/wp\/v2\/pages\/57345\/page\/35\/\"><span class=\"elementor-screen-only\">Page<\/span>35<\/a>\n<a class=\"page-numbers next\" href=\"https:\/\/www.emartsoccer.es\/en\/wp-json\/wp\/v2\/pages\/57345\/page\/2\/\">Next \u00bb<\/a>\t\t<\/nav>\n\t\t\t\t\t\t<\/div>\n\t\t\t\t<\/div>\n\t\t\t\t<\/div>\n\t\t\t\t<\/div>\n\t\t<div class=\"elementor-element elementor-element-7f62587 e-con-full e-flex e-con e-parent\" data-id=\"7f62587\" data-element_type=\"container\" id=\"actualidad_femenino\" data-settings=\"{&quot;background_background&quot;:&quot;classic&quot;}\">\n\t\t\t\t<div class=\"elementor-element elementor-element-471bc70 elementor-invisible elementor-widget elementor-widget-image\" data-id=\"471bc70\" data-element_type=\"widget\" data-settings=\"{&quot;_animation&quot;:&quot;fadeInRight&quot;}\" data-widget_type=\"image.default\">\n\t\t\t\t<div class=\"elementor-widget-container\">\n\t\t\t\t\t\t\t\t\t\t\t\t\t\t\t<img decoding=\"async\" width=\"61\" height=\"60\" src=\"https:\/\/www.emartsoccer.es\/wp-content\/uploads\/2023\/11\/emartsoccer_logo_ciruclar_negro.png\" class=\"attachment-large size-large wp-image-56734\" alt=\"\" \/>\t\t\t\t\t\t\t\t\t\t\t\t\t\t\t<\/div>\n\t\t\t\t<\/div>\n\t\t\t\t<div class=\"elementor-element elementor-element-d1cb2fd elementor-invisible elementor-widget elementor-widget-heading\" data-id=\"d1cb2fd\" data-element_type=\"widget\" data-settings=\"{&quot;_animation&quot;:&quot;fadeInRight&quot;,&quot;_animation_delay&quot;:300}\" data-widget_type=\"heading.default\">\n\t\t\t\t<div class=\"elementor-widget-container\">\n\t\t\t\t\t<h2 class=\"elementor-heading-title elementor-size-default\">FEMALE NEWS<\/h2>\t\t\t\t<\/div>\n\t\t\t\t<\/div>\n\t\t\t\t<\/div>\n\t\t<div class=\"elementor-element elementor-element-c3e1ad1 e-con-full e-flex e-con e-parent\" data-id=\"c3e1ad1\" data-element_type=\"container\">\n\t\t<div class=\"elementor-element elementor-element-1ed76e5 e-con-full e-flex e-con e-child\" data-id=\"1ed76e5\" data-element_type=\"container\">\n\t\t\t\t<div class=\"elementor-element elementor-element-07b0be4 elementor-grid-3 elementor-grid-tablet-2 elementor-grid-mobile-1 elementor-posts--thumbnail-top elementor-widget elementor-widget-posts\" data-id=\"07b0be4\" data-element_type=\"widget\" data-settings=\"{&quot;pagination_type&quot;:&quot;numbers_and_prev_next&quot;,&quot;classic_columns&quot;:&quot;3&quot;,&quot;classic_columns_tablet&quot;:&quot;2&quot;,&quot;classic_columns_mobile&quot;:&quot;1&quot;,&quot;classic_row_gap&quot;:{&quot;unit&quot;:&quot;px&quot;,&quot;size&quot;:35,&quot;sizes&quot;:[]},&quot;classic_row_gap_tablet&quot;:{&quot;unit&quot;:&quot;px&quot;,&quot;size&quot;:&quot;&quot;,&quot;sizes&quot;:[]},&quot;classic_row_gap_mobile&quot;:{&quot;unit&quot;:&quot;px&quot;,&quot;size&quot;:&quot;&quot;,&quot;sizes&quot;:[]}}\" data-widget_type=\"posts.classic\">\n\t\t\t\t<div class=\"elementor-widget-container\">\n\t\t\t\t\t\t\t<div class=\"elementor-posts-container elementor-posts elementor-posts--skin-classic elementor-grid\" role=\"list\">\n\t\t\t\t<article class=\"elementor-post elementor-grid-item post-65531 post type-post status-publish format-standard has-post-thumbnail hentry category-noticia-femenino category-sin-categorizar\" role=\"listitem\">\n\t\t\t\t<a class=\"elementor-post__thumbnail__link\" href=\"https:\/\/www.emartsoccer.es\/en\/carol-herrera-sara-barreda-y-laida-balerdi-son-el-top-3-de-la-jornada-17-de-segunda-rfef\/\" tabindex=\"-1\" >\n\t\t\t<div class=\"elementor-post__thumbnail\"><img loading=\"lazy\" decoding=\"async\" width=\"768\" height=\"432\" src=\"https:\/\/www.emartsoccer.es\/wp-content\/uploads\/2026\/02\/Segunda_RFEF_top-768x432.jpg\" class=\"attachment-medium_large size-medium_large wp-image-65544\" alt=\"Este es el top-3 de la jornada 17 de Segunda RFEF\" \/><\/div>\n\t\t<\/a>\n\t\t\t\t<div class=\"elementor-post__text\">\n\t\t\t\t<h3 class=\"elementor-post__title\">\n\t\t\t<a href=\"https:\/\/www.emartsoccer.es\/en\/carol-herrera-sara-barreda-y-laida-balerdi-son-el-top-3-de-la-jornada-17-de-segunda-rfef\/\" >\n\t\t\t\tCarol Herrera, Sara Barreda y Laida Balerdi son el top-3 de la jornada 17 de Segunda RFEF\t\t\t<\/a>\n\t\t<\/h3>\n\t\t\t\t<div class=\"elementor-post__meta-data\">\n\t\t\t\t\t<span class=\"elementor-post-date\">\n\t\t\t09-02-2026\t\t<\/span>\n\t\t\t\t<\/div>\n\t\t\t\t<\/div>\n\t\t\t\t<\/article>\n\t\t\t\t<article class=\"elementor-post elementor-grid-item post-65527 post type-post status-publish format-standard has-post-thumbnail hentry category-noticia-femenino tag-anna-quer tag-midori-yoshimura tag-natalia-penalvo\" role=\"listitem\">\n\t\t\t\t<a class=\"elementor-post__thumbnail__link\" href=\"https:\/\/www.emartsoccer.es\/en\/la-jornada-18-de-primera-rfef-nos-deja-un-top-3-formado-por-midori-yoshimura-anna-quer-y-natalia-penalvo\/\" tabindex=\"-1\" >\n\t\t\t<div class=\"elementor-post__thumbnail\"><img loading=\"lazy\" decoding=\"async\" width=\"768\" height=\"432\" src=\"https:\/\/www.emartsoccer.es\/wp-content\/uploads\/2026\/02\/Primera_RFEF_top_3-768x432.jpg\" class=\"attachment-medium_large size-medium_large wp-image-65537\" alt=\"El top-3 dela jornada 18 de Primera Federaci\u00f3n es paa Midori Yoshimura, Anna Quer y Natalia Pe\u00f1alvo\" \/><\/div>\n\t\t<\/a>\n\t\t\t\t<div class=\"elementor-post__text\">\n\t\t\t\t<h3 class=\"elementor-post__title\">\n\t\t\t<a href=\"https:\/\/www.emartsoccer.es\/en\/la-jornada-18-de-primera-rfef-nos-deja-un-top-3-formado-por-midori-yoshimura-anna-quer-y-natalia-penalvo\/\" >\n\t\t\t\tLa jornada 18 de Primera RFEF nos deja un top-3 formado por Midori Yoshimura, Anna Quer y Natalia Pe\u00f1alvo\t\t\t<\/a>\n\t\t<\/h3>\n\t\t\t\t<div class=\"elementor-post__meta-data\">\n\t\t\t\t\t<span class=\"elementor-post-date\">\n\t\t\t09-02-2026\t\t<\/span>\n\t\t\t\t<\/div>\n\t\t\t\t<\/div>\n\t\t\t\t<\/article>\n\t\t\t\t<article class=\"elementor-post elementor-grid-item post-65449 post type-post status-publish format-standard has-post-thumbnail hentry category-noticia-femenino tag-martina-gonzalez tag-nahia-azpiazu tag-yorladiz-diaz\" role=\"listitem\">\n\t\t\t\t<a class=\"elementor-post__thumbnail__link\" href=\"https:\/\/www.emartsoccer.es\/en\/jornada-17-de-primera-rfef-yorladiz-diaz-martina-gonzalez-y-nahia-azpiazu-en-el-top-3\/\" tabindex=\"-1\" >\n\t\t\t<div class=\"elementor-post__thumbnail\"><img loading=\"lazy\" decoding=\"async\" width=\"768\" height=\"574\" src=\"https:\/\/www.emartsoccer.es\/wp-content\/uploads\/2026\/02\/Primera_RFEF-768x574.jpg\" class=\"attachment-medium_large size-medium_large wp-image-65494\" alt=\"Este es el top-3 de la jornada 17 de Primera RFEF\" \/><\/div>\n\t\t<\/a>\n\t\t\t\t<div class=\"elementor-post__text\">\n\t\t\t\t<h3 class=\"elementor-post__title\">\n\t\t\t<a href=\"https:\/\/www.emartsoccer.es\/en\/jornada-17-de-primera-rfef-yorladiz-diaz-martina-gonzalez-y-nahia-azpiazu-en-el-top-3\/\" >\n\t\t\t\tJornada 17 de Primera RFEF: Yorladiz D\u00edaz, Martina Gonz\u00e1lez y Nahia Azpiazu, en el top-3\t\t\t<\/a>\n\t\t<\/h3>\n\t\t\t\t<div class=\"elementor-post__meta-data\">\n\t\t\t\t\t<span class=\"elementor-post-date\">\n\t\t\t03-02-2026\t\t<\/span>\n\t\t\t\t<\/div>\n\t\t\t\t<\/div>\n\t\t\t\t<\/article>\n\t\t\t\t<article class=\"elementor-post elementor-grid-item post-65429 post type-post status-publish format-standard has-post-thumbnail hentry category-noticia-femenino tag-uxue-guezala\" role=\"listitem\">\n\t\t\t\t<a class=\"elementor-post__thumbnail__link\" href=\"https:\/\/www.emartsoccer.es\/en\/uxue-guezala-irati-martin-e-ines-rizo-top-3-de-segunda-rfef-de-la-jornada-16\/\" tabindex=\"-1\" >\n\t\t\t<div class=\"elementor-post__thumbnail\"><img loading=\"lazy\" decoding=\"async\" width=\"768\" height=\"555\" src=\"https:\/\/www.emartsoccer.es\/wp-content\/uploads\/2026\/02\/top_3_primera_rfef_jornada_16-768x555.jpg\" class=\"attachment-medium_large size-medium_large wp-image-65434\" alt=\"La jornada 16 nos ha dejado este top-3: Uxue Guezala, Irati Mart\u00edn e In\u00e9s Rizo\" \/><\/div>\n\t\t<\/a>\n\t\t\t\t<div class=\"elementor-post__text\">\n\t\t\t\t<h3 class=\"elementor-post__title\">\n\t\t\t<a href=\"https:\/\/www.emartsoccer.es\/en\/uxue-guezala-irati-martin-e-ines-rizo-top-3-de-segunda-rfef-de-la-jornada-16\/\" >\n\t\t\t\tUxue Guezala, Irati Mart\u00edn e Ines Rizo, top-3 de Segunda RFEF de la jornada 16\t\t\t<\/a>\n\t\t<\/h3>\n\t\t\t\t<div class=\"elementor-post__meta-data\">\n\t\t\t\t\t<span class=\"elementor-post-date\">\n\t\t\t02-02-2026\t\t<\/span>\n\t\t\t\t<\/div>\n\t\t\t\t<\/div>\n\t\t\t\t<\/article>\n\t\t\t\t<article class=\"elementor-post elementor-grid-item post-65303 post type-post status-publish format-standard has-post-thumbnail hentry category-noticia-femenino tag-amaya-garcia tag-noe-fernandez tag-sara-balma\" role=\"listitem\">\n\t\t\t\t<a class=\"elementor-post__thumbnail__link\" href=\"https:\/\/www.emartsoccer.es\/en\/el-top-3-de-la-jornada-16-de-primera-rfef-esta-formado-por-sara-balma-amaya-garcia-y-noe-fernandez\/\" tabindex=\"-1\" >\n\t\t\t<div class=\"elementor-post__thumbnail\"><img loading=\"lazy\" decoding=\"async\" width=\"768\" height=\"523\" src=\"https:\/\/www.emartsoccer.es\/wp-content\/uploads\/2026\/01\/sara_balma_amaya_garcia_noe_fernandez-768x523.jpg\" class=\"attachment-medium_large size-medium_large wp-image-65309\" alt=\"Sara Balma, Amaya Garc\u00eda y Noe Fern\u00e1ndez, top-3 de la jornada de Primera RFEF para Emart&amp;Soccer\" \/><\/div>\n\t\t<\/a>\n\t\t\t\t<div class=\"elementor-post__text\">\n\t\t\t\t<h3 class=\"elementor-post__title\">\n\t\t\t<a href=\"https:\/\/www.emartsoccer.es\/en\/el-top-3-de-la-jornada-16-de-primera-rfef-esta-formado-por-sara-balma-amaya-garcia-y-noe-fernandez\/\" >\n\t\t\t\tEl top-3 de la jornada 16 de Primera RFEF est\u00e1 formado por Sara Balma, Amaya Garc\u00eda y Noe Fern\u00e1ndez\t\t\t<\/a>\n\t\t<\/h3>\n\t\t\t\t<div class=\"elementor-post__meta-data\">\n\t\t\t\t\t<span class=\"elementor-post-date\">\n\t\t\t26-01-2026\t\t<\/span>\n\t\t\t\t<\/div>\n\t\t\t\t<\/div>\n\t\t\t\t<\/article>\n\t\t\t\t<article class=\"elementor-post elementor-grid-item post-65223 post type-post status-publish format-standard has-post-thumbnail hentry category-noticia-femenino tag-irati-martin tag-julia-sanchez tag-leire-egia\" role=\"listitem\">\n\t\t\t\t<a class=\"elementor-post__thumbnail__link\" href=\"https:\/\/www.emartsoccer.es\/en\/el-top-3-de-la-jornada-15-en-segunda-rfef-para-irati-martin-leire-egia-y-julia-sanchez\/\" tabindex=\"-1\" >\n\t\t\t<div class=\"elementor-post__thumbnail\"><img loading=\"lazy\" decoding=\"async\" width=\"768\" height=\"549\" src=\"https:\/\/www.emartsoccer.es\/wp-content\/uploads\/2026\/01\/Segunda_RFEF-768x549.jpg\" class=\"attachment-medium_large size-medium_large wp-image-65243\" alt=\"Irati Martin, Leire Egia y Julia S\u00e1nchez, top-3 de Segunda RFEF en su jornada 15\" \/><\/div>\n\t\t<\/a>\n\t\t\t\t<div class=\"elementor-post__text\">\n\t\t\t\t<h3 class=\"elementor-post__title\">\n\t\t\t<a href=\"https:\/\/www.emartsoccer.es\/en\/el-top-3-de-la-jornada-15-en-segunda-rfef-para-irati-martin-leire-egia-y-julia-sanchez\/\" >\n\t\t\t\tEl top-3 de la jornada 15 en Segunda RFEF, para Irati Martin, Leire Egia y Julia S\u00e1nchez\t\t\t<\/a>\n\t\t<\/h3>\n\t\t\t\t<div class=\"elementor-post__meta-data\">\n\t\t\t\t\t<span class=\"elementor-post-date\">\n\t\t\t19-01-2026\t\t<\/span>\n\t\t\t\t<\/div>\n\t\t\t\t<\/div>\n\t\t\t\t<\/article>\n\t\t\t\t<\/div>\n\t\t\n\t\t\t\t<div class=\"e-load-more-anchor\" data-page=\"1\" data-max-page=\"8\" data-next-page=\"https:\/\/www.emartsoccer.es\/en\/wp-json\/wp\/v2\/pages\/57345\/page\/2\/\"><\/div>\n\t\t\t\t<nav class=\"elementor-pagination\" aria-label=\"Pagination\">\n\t\t\t<span class=\"page-numbers prev\">\u00ab Previous<\/span>\n<span aria-current=\"page\" class=\"page-numbers current\"><span class=\"elementor-screen-only\">Page<\/span>1<\/span>\n<a class=\"page-numbers\" href=\"https:\/\/www.emartsoccer.es\/en\/wp-json\/wp\/v2\/pages\/57345\/page\/2\/\"><span class=\"elementor-screen-only\">Page<\/span>2<\/a>\n<a class=\"page-numbers\" href=\"https:\/\/www.emartsoccer.es\/en\/wp-json\/wp\/v2\/pages\/57345\/page\/3\/\"><span class=\"elementor-screen-only\">Page<\/span>3<\/a>\n<span class=\"page-numbers dots\">&hellip;<\/span>\n<a class=\"page-numbers\" href=\"https:\/\/www.emartsoccer.es\/en\/wp-json\/wp\/v2\/pages\/57345\/page\/8\/\"><span class=\"elementor-screen-only\">Page<\/span>8<\/a>\n<a class=\"page-numbers next\" href=\"https:\/\/www.emartsoccer.es\/en\/wp-json\/wp\/v2\/pages\/57345\/page\/2\/\">Next \u00bb<\/a>\t\t<\/nav>\n\t\t\t\t\t\t<\/div>\n\t\t\t\t<\/div>\n\t\t\t\t<\/div>\n\t\t\t\t<\/div>\n\t\t\t\t<\/div>\n\t\t","protected":false},"excerpt":{"rendered":"<p>NEWS EMART&amp;SOCCER NEWS MALE NEWS FEMALE NEWS<\/p>\n","protected":false},"author":7,"featured_media":0,"parent":0,"menu_order":1,"comment_status":"closed","ping_status":"closed","template":"elementor_header_footer","meta":{"footnotes":""},"class_list":["post-57345","page","type-page","status-publish","hentry"],"_links":{"self":[{"href":"https:\/\/www.emartsoccer.es\/en\/wp-json\/wp\/v2\/pages\/57345","targetHints":{"allow":["GET"]}}],"collection":[{"href":"https:\/\/www.emartsoccer.es\/en\/wp-json\/wp\/v2\/pages"}],"about":[{"href":"https:\/\/www.emartsoccer.es\/en\/wp-json\/wp\/v2\/types\/page"}],"author":[{"embeddable":true,"href":"https:\/\/www.emartsoccer.es\/en\/wp-json\/wp\/v2\/users\/7"}],"replies":[{"embeddable":true,"href":"https:\/\/www.emartsoccer.es\/en\/wp-json\/wp\/v2\/comments?post=57345"}],"version-history":[{"count":2,"href":"https:\/\/www.emartsoccer.es\/en\/wp-json\/wp\/v2\/pages\/57345\/revisions"}],"predecessor-version":[{"id":61914,"href":"https:\/\/www.emartsoccer.es\/en\/wp-json\/wp\/v2\/pages\/57345\/revisions\/61914"}],"wp:attachment":[{"href":"https:\/\/www.emartsoccer.es\/en\/wp-json\/wp\/v2\/media?parent=57345"}],"curies":[{"name":"wp","href":"https:\/\/api.w.org\/{rel}","templated":true}]}}